{"id":4991,"date":"2022-09-20T14:15:11","date_gmt":"2022-09-20T14:15:11","guid":{"rendered":"https:\/\/cs6nvasrbe.preview.infomaniak.website\/?page_id=4991"},"modified":"2026-04-17T10:15:35","modified_gmt":"2026-04-17T10:15:35","slug":"revue-de-presse","status":"publish","type":"page","link":"https:\/\/mhcdf.ch\/en\/medias\/revue-de-presse\/","title":{"rendered":"Revue de presse"},"content":{"rendered":"\t\t<div data-elementor-type=\"wp-page\" data-elementor-id=\"4991\" class=\"elementor elementor-4991\" data-elementor-post-type=\"page\">\n\t\t\t\t\t\t<section class=\"elementor-section elementor-top-section elementor-element elementor-element-efc51f3 elementor-section-full_width header-home header-page-externe elementor-section-height-default elementor-section-height-default\" data-id=\"efc51f3\" data-element_type=\"section\">\n\t\t\t\t\t\t<div class=\"elementor-container elementor-column-gap-default\">\n\t\t\t\t\t<div class=\"elementor-column elementor-col-100 elementor-top-column elementor-element elementor-element-df45a02 header-marge\" data-id=\"df45a02\" data-element_type=\"column\" data-settings=\"{&quot;background_background&quot;:&quot;classic&quot;}\">\n\t\t\t<div class=\"elementor-widget-wrap elementor-element-populated\">\n\t\t\t\t\t\t<div class=\"elementor-element elementor-element-9908153 titre-haut-page elementor-widget elementor-widget-text-editor\" data-id=\"9908153\" data-element_type=\"widget\" data-widget_type=\"text-editor.default\">\n\t\t\t\t<div class=\"elementor-widget-container\">\n\t\t\t\t\t\t\t\t\t<h1>Professionnels et m\u00e9dias<\/h1>\t\t\t\t\t\t\t\t<\/div>\n\t\t\t\t<\/div>\n\t\t\t\t\t<\/div>\n\t\t<\/div>\n\t\t\t\t\t<\/div>\n\t\t<\/section>\n\t\t\t\t<section class=\"elementor-section elementor-top-section elementor-element elementor-element-55e244e elementor-section-full_width separation-1unite menu-secondaire-fixed elementor-section-height-default elementor-section-height-default\" data-id=\"55e244e\" data-element_type=\"section\" data-settings=\"{&quot;background_background&quot;:&quot;classic&quot;}\">\n\t\t\t\t\t\t<div class=\"elementor-container elementor-column-gap-no\">\n\t\t\t\t\t<div class=\"elementor-column elementor-col-100 elementor-top-column elementor-element elementor-element-fd66dfd\" data-id=\"fd66dfd\" data-element_type=\"column\">\n\t\t\t<div class=\"elementor-widget-wrap elementor-element-populated\">\n\t\t\t\t\t\t<div class=\"elementor-element elementor-element-832975b page-content-titre-menu elementor-widget elementor-widget-shortcode\" data-id=\"832975b\" data-element_type=\"widget\" data-widget_type=\"shortcode.default\">\n\t\t\t\t<div class=\"elementor-widget-container\">\n\t\t\t\t\t\t\t<div class=\"elementor-shortcode\"><p>m\u00e9dias<\/p><\/div>\n\t\t\t\t\t\t<\/div>\n\t\t\t\t<\/div>\n\t\t\t\t<div class=\"elementor-element elementor-element-6720591 elementor-nav-menu__align-center elementor-nav-menu--dropdown-mobile menu-secondaire elementor-nav-menu__text-align-aside elementor-nav-menu--toggle elementor-nav-menu--burger elementor-widget elementor-widget-global elementor-global-1438 elementor-widget-nav-menu\" data-id=\"6720591\" data-element_type=\"widget\" data-settings=\"{&quot;layout&quot;:&quot;horizontal&quot;,&quot;submenu_icon&quot;:{&quot;value&quot;:&quot;fas fa-caret-down&quot;,&quot;library&quot;:&quot;fa-solid&quot;},&quot;toggle&quot;:&quot;burger&quot;}\" data-widget_type=\"nav-menu.default\">\n\t\t\t\t<div class=\"elementor-widget-container\">\n\t\t\t\t\t\t\t\t<nav aria-label=\"Menu\" class=\"elementor-nav-menu--main elementor-nav-menu__container elementor-nav-menu--layout-horizontal e--pointer-none\">\n\t\t\t\t<ul id=\"menu-1-6720591\" class=\"elementor-nav-menu\"><li class=\"menu-item menu-item-type-post_type menu-item-object-page menu-item-1460\"><a href=\"https:\/\/mhcdf.ch\/en\/professionnels-chercheurs\/\" class=\"elementor-item\">professionnels, chercheurs<\/a><\/li>\n<li class=\"menu-item menu-item-type-post_type menu-item-object-page menu-item-1458\"><a href=\"https:\/\/mhcdf.ch\/en\/stages-service-civile\/\" class=\"elementor-item\">stages, service civile<\/a><\/li>\n<li class=\"menu-item menu-item-type-post_type menu-item-object-page menu-item-1459\"><a href=\"https:\/\/mhcdf.ch\/en\/medias\/\" class=\"elementor-item\">m\u00e9dias<\/a><\/li>\n<li class=\"menu-item menu-item-type-post_type menu-item-object-page menu-item-7237\"><a href=\"https:\/\/mhcdf.ch\/en\/telechargements\/\" class=\"elementor-item\">t\u00e9l\u00e9chargements<\/a><\/li>\n<\/ul>\t\t\t<\/nav>\n\t\t\t\t\t<div class=\"elementor-menu-toggle\" role=\"button\" tabindex=\"0\" aria-label=\"Menu Toggle\" aria-expanded=\"false\">\n\t\t\t<i aria-hidden=\"true\" role=\"presentation\" class=\"elementor-menu-toggle__icon--open eicon-menu-bar\"><\/i><i aria-hidden=\"true\" role=\"presentation\" class=\"elementor-menu-toggle__icon--close eicon-close\"><\/i>\t\t<\/div>\n\t\t\t\t\t<nav class=\"elementor-nav-menu--dropdown elementor-nav-menu__container\" aria-hidden=\"true\">\n\t\t\t\t<ul id=\"menu-2-6720591\" class=\"elementor-nav-menu\"><li class=\"menu-item menu-item-type-post_type menu-item-object-page menu-item-1460\"><a href=\"https:\/\/mhcdf.ch\/en\/professionnels-chercheurs\/\" class=\"elementor-item\" tabindex=\"-1\">professionnels, chercheurs<\/a><\/li>\n<li class=\"menu-item menu-item-type-post_type menu-item-object-page menu-item-1458\"><a href=\"https:\/\/mhcdf.ch\/en\/stages-service-civile\/\" class=\"elementor-item\" tabindex=\"-1\">stages, service civile<\/a><\/li>\n<li class=\"menu-item menu-item-type-post_type menu-item-object-page menu-item-1459\"><a href=\"https:\/\/mhcdf.ch\/en\/medias\/\" class=\"elementor-item\" tabindex=\"-1\">m\u00e9dias<\/a><\/li>\n<li class=\"menu-item menu-item-type-post_type menu-item-object-page menu-item-7237\"><a href=\"https:\/\/mhcdf.ch\/en\/telechargements\/\" class=\"elementor-item\" tabindex=\"-1\">t\u00e9l\u00e9chargements<\/a><\/li>\n<\/ul>\t\t\t<\/nav>\n\t\t\t\t\t\t<\/div>\n\t\t\t\t<\/div>\n\t\t\t\t\t<\/div>\n\t\t<\/div>\n\t\t\t\t\t<\/div>\n\t\t<\/section>\n\t\t\t\t<section class=\"elementor-section elementor-top-section elementor-element elementor-element-22e31f4 elementor-section-full_width margin-general margin-top-secondaire margin-bottom-secondaire elementor-section-height-default elementor-section-height-default\" data-id=\"22e31f4\" data-element_type=\"section\">\n\t\t\t\t\t\t<div class=\"elementor-container elementor-column-gap-no\">\n\t\t\t\t\t<div class=\"elementor-column elementor-col-50 elementor-top-column elementor-element elementor-element-c798094 post-grid-content post-grid-content-padding\" data-id=\"c798094\" data-element_type=\"column\" data-settings=\"{&quot;background_background&quot;:&quot;classic&quot;}\">\n\t\t\t<div class=\"elementor-widget-wrap elementor-element-populated\">\n\t\t\t\t\t\t<section class=\"elementor-section elementor-inner-section elementor-element elementor-element-0d7a9d2 elementor-section-boxed elementor-section-height-default elementor-section-height-default\" data-id=\"0d7a9d2\" data-element_type=\"section\">\n\t\t\t\t\t\t<div class=\"elementor-container elementor-column-gap-default\">\n\t\t\t\t\t<div class=\"elementor-column elementor-col-100 elementor-inner-column elementor-element elementor-element-a87501f page-content-titre\" data-id=\"a87501f\" data-element_type=\"column\">\n\t\t\t<div class=\"elementor-widget-wrap elementor-element-populated\">\n\t\t\t\t\t\t<div class=\"elementor-element elementor-element-580dd0f elementor-widget elementor-widget-heading\" data-id=\"580dd0f\" data-element_type=\"widget\" data-widget_type=\"heading.default\">\n\t\t\t\t<div class=\"elementor-widget-container\">\n\t\t\t\t\t<h1 class=\"elementor-heading-title elementor-size-default\">Revues de presse<\/h1>\t\t\t\t<\/div>\n\t\t\t\t<\/div>\n\t\t\t\t\t<\/div>\n\t\t<\/div>\n\t\t\t\t\t<\/div>\n\t\t<\/section>\n\t\t\t\t<div class=\"elementor-element elementor-element-4167d51 page-content-arrow-back btn-retour btn-click-retour elementor-widget elementor-widget-image\" data-id=\"4167d51\" data-element_type=\"widget\" data-widget_type=\"image.default\">\n\t\t\t\t<div class=\"elementor-widget-container\">\n\t\t\t\t\t\t\t\t\t\t\t\t\t\t\t\t<a href=\"https:\/\/mhcdf.ch\/medias\/\">\n\t\t\t\t\t\t\t<img decoding=\"async\" width=\"30\" height=\"30\" src=\"https:\/\/mhcdf.ch\/wp-content\/uploads\/2022\/04\/mh_arrowleft_typo_decale.svg\" class=\"attachment-full size-full wp-image-669\" alt>\t\t\t\t\t\t\t\t<\/a>\n\t\t\t\t\t\t\t\t\t\t\t\t\t\t\t<\/div>\n\t\t\t\t<\/div>\n\t\t\t\t<div class=\"elementor-element elementor-element-da47d91 page-content-accroche elementor-widget elementor-widget-text-editor\" data-id=\"da47d91\" data-element_type=\"widget\" data-widget_type=\"text-editor.default\">\n\t\t\t\t<div class=\"elementor-widget-container\">\n\t\t\t\t\t\t\t\t\t<h2>Articles de journaux, \u00e9missions et reportages depuis la r\u00e9novation du Mus\u00e9e d\u2019histoire.<\/h2>\t\t\t\t\t\t\t\t<\/div>\n\t\t\t\t<\/div>\n\t\t\t\t<div class=\"elementor-element elementor-element-288537a page-content-accroche elementor-widget elementor-widget-text-editor\" data-id=\"288537a\" data-element_type=\"widget\" data-widget_type=\"text-editor.default\">\n\t\t\t\t<div class=\"elementor-widget-container\">\n\t\t\t\t\t\t\t\t\t<h2>Parc des mus\u00e9es : le chantier est pr\u00eat \u00e0 d\u00e9buter<\/h2><p><a href=\"https:\/\/www.rts.ch\/play\/tv\/couleurs-locales\/video\/entretien-avec-regis-huguenin-directeur-du-musee-international-dhorlogerie-22?urn=urn%3Arts%3Avideo%3A1f3da794-9ce6-3dca-a243-0fbb38d5856b&amp;fbclid=IwY2xjawRO54VleHRuA2FlbQIxMABicmlkETFjSmdGTFlzME50OFplMWZMc3J0YwZhcHBfaWQQMjIyMDM5MTc4ODIwMDg5MgABHmBLQEpBKvkWoPxta6wewtV1VrLFC4xTYUtEpxy2S99hEDF5AzU2OzcV15RH_aem_pVD_mL36TgqOKNpckyuSQA\">RTS, 10.04.2026.Entretien avec R\u00e9gis Huguenin, directeur du Mus\u00e9e international d\u2019horlogerie (2\/2) <\/a>Entretien avec Francesco Garufo (1:45)&nbsp;<\/p><p><a href=\"https:\/\/www.rts.ch\/play\/tv\/couleurs-locales\/video\/nom-de-rue--cydalise-nicolet-loubliee-de-la-chaux-de-fonds?urn=urn%3Arts%3Avideo%3A10a89a17-fcb0-3738-89b3-a9c7f6597eac&amp;fbclid=IwY2xjawRO5n9leHRuA2FlbQIxMABicmlkETFjSmdGTFlzME50OFplMWZMc3J0YwZhcHBfaWQQMjIyMDM5MTc4ODIwMDg5MgABHoWJmbe7nCKdV-WyM0RK5iK2ZHdvQegrZoT5T65Gp6Gl72PYy6yEBaafCrX-_aem_DhV_k-PFiVaCpeHoQ6eEcw\">RTS, 03.03.2026.Nom de Rue : Cydalise Nicolet, l\u2019oubli\u00e9e de La Chaux-de-Fonds.&nbsp;<\/a><\/p><p><a href=\"https:\/\/www.rtn.ch\/Scripts\/Index.aspx?id=9498234\">RTN, 26.01.2026. <\/a><\/p><p><a href=\"https:\/\/letourbillon.ch\/le-musee-dhistoire-un-lieu-de-conservation-et-de-formation\/\">Le Tourbillon de La Chaux-de-Fonds, 26.06.2025. Le Mus\u00e9e d\u2019histoire, un lieu de conservation et de formation.<\/a><\/p><p><a href=\"https:\/\/www.rtn.ch\/rtn\/Actualite\/Region\/20250204-Des-musees-en-chantier-a-La-Chaux-de-Fonds.html\" target=\"_blank\" rel=\"noopener\">RTN, 04.02.2025. Des mus\u00e9es en chantier \u00e0 La Chaux-de-Fonds<\/a><\/p><p><a href=\"https:\/\/www.canalalpha.ch\/play\/le-journal\/topic\/36697\/le-parc-des-musees-bientot-en-travaux\" target=\"_blank\" rel=\"noopener\">Canal Alpha, 04.02.2025.&nbsp;<\/a><\/p><p><a href=\"https:\/\/www.arcinfo.ch\/neuchatel-canton\/montagnes\/la-chaux-de-fonds\/les-travaux-de-renovation-du-parc-des-musees-commenceront-au-printemps-a-la-chaux-de-fonds-1439377\" target=\"_blank\" rel=\"noopener\">ArcInfo, 04.02.2025. Les travaux de r\u00e9novation du parc des Mus\u00e9es commenceront au printemps \u00e0 La Chaux-de-Fonds<\/a><\/p><h2>25 ans de la Soci\u00e9t\u00e9 des Amis du Mus\u00e9e (SAMH)<\/h2><p><a href=\"https:\/\/jd.arcinfo.ch\/arcinfo\/login\/\" target=\"_blank\" rel=\"noopener\">ArcInfo,25.03.2025.Ces cinq femmes qui ont fait <br>avancer la cause f\u00e9minist&nbsp;<\/a><\/p><h2>\u00ab Inspir\u00e9es. Six costumes contemporains au Mus\u00e9e d\u2019histoire &nbsp;\u00bb<\/h2><p>Arcinfo, Un d\u00e9fil\u00e9 de mode au Mus\u00e9e d\u2019histoire de La Chaux-de-Fonds. 26.06.2024. R\u00e9serv\u00e9 aux abonn\u00e9s<\/p><p><a href=\"https:\/\/letourbillon.ch\/inspirees-six-costumes-contemporains-au-musee-dhistoire-de-la-chaux-de-fonds\/\" target=\"_blank\" rel=\"noopener\">Turbillon, Inspir\u00e9es.Six costumes contemporains au Mus\u00e9e d\u2019histoire de La Chaux-de-Fonds. 28 aout&nbsp;2024<\/a><\/p><h2>\u00ab&nbsp;Un h\u00e9ritage au pr\u00e9sent&nbsp;\u00bb<\/h2><p><a href=\"https:\/\/letourbillon.ch\/le-musee-dhistoire-fete-ses-100-ans\/?fbclid=IwAR107uSQH6balS2ow2iRz0kkEuiHbxCZVee5zYTdkGh1J79KH1PevM88N1U\" target=\"_blank\" rel=\"noopener\">Le Tourbillon de La Chaux-de-Fonds, 31 octobre 2023<\/a><\/p><p><a style=\"font-family: var( --e-global-typography-text-font-family ), Sans-serif; font-weight: var( --e-global-typography-text-font-weight ); font-size: 16.248px; background-color: #ffffff; letter-spacing: 0.3385px;\" href=\"https:\/\/le-o.ch\/2023\/09\/22\/un-heritage-au-present-100-ans-du-musee-dhistoire\/\" target=\"_blank\" rel=\"noopener\">Journal le \u00d4<\/a>,&nbsp;<a href=\"https:\/\/le-o.ch\/2023\/09\/22\/un-heritage-au-present-100-ans-du-musee-dhistoire\/\" target=\"_blank\" rel=\"noopener\">22 septembre 2023<\/a><\/p><p>Arcinfo, Six objets de collection modernis\u00e9s au Mus\u00e9e d\u2019histoire, 28 aout 2024.&nbsp;<span style=\"color: var( --e-global-color-text ); font-family: var( --e-global-typography-text-font-family ), Sans-serif; font-weight: var( --e-global-typography-text-font-weight ); background-color: var( --e-global-color-accent ); font-size: 1.2vw;\">R\u00e9serv\u00e9 aux abonn\u00e9s<\/span><\/p><p><a style=\"font-size: 16.248px; letter-spacing: 0.3385px; font-family: var( --e-global-typography-text-font-family ), Sans-serif; font-weight: var( --e-global-typography-text-font-weight ); background-color: #ffffff;\" href=\"https:\/\/www.rtn.ch\/rtn\/Actualite\/Region\/20230908-Le-Musee-d-histoire-de-La-Chaux-de-Fonds-raconte-son-histoire.html\" target=\"_blank\" rel=\"noopener\">RTN<\/a><span style=\"font-size: 1.2vw; letter-spacing: 0.025vw; color: var( --e-global-color-text ); font-family: var( --e-global-typography-text-font-family ), Sans-serif; font-weight: var( --e-global-typography-text-font-weight ); background-color: var( --e-global-color-accent );\">,&nbsp;<\/span><a style=\"font-family: var( --e-global-typography-text-font-family ), Sans-serif; font-weight: var( --e-global-typography-text-font-weight );\" href=\"https:\/\/www.rtn.ch\/rtn\/Actualite\/Region\/20230908-Le-Musee-d-histoire-de-La-Chaux-de-Fonds-raconte-son-histoire.html\" target=\"_blank\" rel=\"noopener\">08 septembre 2023&nbsp;<\/a><\/p><h2>\u201cIl y a un si\u00e8cle, la villa Sandoz devenait un&nbsp;mus\u00e9e\u201d<\/h2><p><a href=\"https:\/\/www.rtn.ch\/Scripts\/Index.aspx?id=7669321\" target=\"_blank\" rel=\"noopener\">RTN, 27.05.23<\/a><\/p><h2>\u201c\u00c0 la recherche de la lunette perdue&nbsp;\u201d<\/h2><p><a href=\"https:\/\/www.rcvfm.fr\/info\/Julien+GRESSOT+historien+des+sciences+et+techniques+et+doctorant+a+l%27universite+de+Neuchatel+sur+RCV\/168\/?fbclid=IwAR26UDVrV-0kqBCeUcamB9tOEMLdu97RNC9Yzc5i0BtIkG51cy9YAUXb438\" target=\"_blank\" rel=\"noopener\">RCV, 27 juin&nbsp;2023<\/a><\/p><p><a href=\"https:\/\/mhcdf.ch\/wp-content\/uploads\/2023\/06\/4925_001.pdf\" target=\"_blank\" rel=\"noopener\">G\u00e9n\u00e9rations\u2009\u2014\u2009Plus, juin&nbsp;2023<\/a><\/p><p><a href=\"https:\/\/letourbillon.ch\/a-la-recherche-de-la-lunette-perdue\/?fbclid=IwAR1xAY_nWOtKDaqW3XFaS9LIO-bUCoHU32iUOvKt6mJ2MAEyWIBczjdnIyA\" target=\"_blank\" rel=\"noopener\">Le Tourbillon, mai 31,&nbsp;2023<\/a><\/p><p><a href=\"https:\/\/mhcdf.ch\/wp-content\/uploads\/2023\/06\/Artikel-2.pdf\" target=\"_blank\" rel=\"noopener\">KEYSTONE ATS, 6 juin&nbsp;2023<\/a><\/p><h2>\u201cEnfants du placard. \u00c0 l\u2019\u00e9cole de la clandestinit\u00e9\u201d<\/h2><p><a href=\"https:\/\/www.letemps.ch\/suisse\/vaud\/les-enfants-du-placard-en-exposition-a-ecublens#:~:text=Exposition%20\u00abLes%20enfants%20du%20placard,Ev\u00e9nements%20gratuits%20mais%20sur%20inscription\" target=\"_blank\" rel=\"noopener\">LE TEMPS, Les enfants du placard, en exposition \u00e0 Ecublens, 07 janvier 2024<\/a><\/p><p><a href=\"https:\/\/www.24heures.ch\/culture-a-ecublens-une-exposition-eclaire-le-quotidien-des-enfants-du-placard-579876491264\" target=\"_blank\" rel=\"noopener\">24 HEURES, Une exposition \u00e9claire le quotidien des \u00abenfants du placard\u00bb 12.01.2024<\/a><\/p><p><a href=\"https:\/\/mrpdhistoires.com\/2024\/01\/24\/recherche-mode-demploi\/#enfants-placard\" target=\"_blank\" rel=\"noopener\">24 janvier 2024 Podcast :&nbsp; Collaboration entre <em>Me Racontez Pas d\u2019Histoires !<\/em>&nbsp;et le&nbsp;Bureau Presse &amp; Promotion de l\u2019Universit\u00e9 de Neuch\u00e2tel<\/a><\/p><p><a href=\"https:\/\/letourbillon.ch\/un-livre-et-une-nouvelle-exposition-sur-les-enfants-du-placard\/\" target=\"_blank\" rel=\"noopener\">Tourbillon, Un livre et une nouvelle exposition sur les \u201cenfants du placard\u201d&nbsp;31.01 2024<\/a><\/p><p><a href=\"https:\/\/www.rts.ch\/audio-podcast\/2024\/audio\/l-invite-de-la-matinale-francesco-garufo-historien-et-conservateur-du-musee-d-histoire-de-la-chaux-de-fonds-27484068.html\" target=\"_blank\" rel=\"noopener\">L\u2019invit\u00e9 de la Matinale, RTS, 11 janvier 2024<\/a><\/p><p><a href=\"https:\/\/www.arcinfo.ch\/neuchatel-canton\/montagnes\/la-chaux-de-fonds\/apres-une-expo-a-la-chaux-de-fonds-un-livre-sur-les-enfants-du-placard-1354825?utm_source=native&amp;utm_medium=link&amp;utm_campaign=article&amp;utm_term=2024-01-30\" target=\"_blank\" rel=\"noopener\">Arcinfo, 10 janvier 2024<\/a><\/p><p><a href=\"https:\/\/flowpaper.com\/online-pdf-viewer\/?pdf=https:\/\/endirect.univ-fcomte.fr\/content\/uploads\/2023\/10\/N%C2%B0309-novembre-decembre-2023-web.pdf#page=21\" target=\"_blank\" rel=\"noopener\">Journal en direct, novembre-d\u00e9cembre 2023<\/a><\/p><p><a href=\"https:\/\/www.sosf.ch\/cms\/upload\/221129_SosF_Bulletin_Dezember_frz_LY1_Draft2.pdf\" target=\"_blank\" rel=\"noopener\">Solidarit\u00e9 sans fronti\u00e8res, bulletin N\u00b04, d\u00e9cembre 2022<\/a><\/p><p><a href=\"https:\/\/endirect.univ-fcomte.fr\/publication\/musees-connectes-a-la-recherche\/\" target=\"_blank\" rel=\"noopener\">Journal En direct, n\u00b0309, novembre d\u00e9cembre 2023<\/a><\/p><p><a tabindex=\"0\" role=\"link\" href=\"http:\/\/sndup.net\/k3qf\" target=\"_blank\" rel=\"noopener\">BBC News 12 novembre 22 <\/a>Reportage&nbsp;<\/p><p><a tabindex=\"0\" role=\"link\" href=\"https:\/\/www.bbc.com\/news\/world-europe-63542636?fbclid=IwAR2bx_sD-Wf6KDQjflBPs66XbGWIxZ2CTBFulc1qhiR4B4mRvTg9UxvyuL8\" target=\"_blank\" rel=\"noopener\">BBC News 13 novembre 22<\/a><\/p><p><a href=\"https:\/\/www.evenement.ch\/articles\/les-enfants-de-saisonniers-sortent-de-lombre\" target=\"_blank\" rel=\"noopener\">Hebdomadaire du syndicat Unia, L\u2019Ev\u00e9nement syndical 31 aout&nbsp;22<\/a><\/p><p><a href=\"https:\/\/www.swissinfo.ch\/spa\/economia\/esas-escuelas-que-permitieron-salir-del-armario\/47735062\" target=\"_blank\" rel=\"noopener\">SWI swissinfo 15 juillet 22<\/a><\/p><p><a href=\"https:\/\/www.tvsvizzera.it\/tvs\/bambini-clandestini-scuole-svizzera-mostra-museo-la-chaux-de-fonds\/47712130?utm_campaign=teaser-in-channel&amp;utm_content=o&amp;utm_medium=display&amp;utm_source=tvsvizzerait\" target=\"_blank\" rel=\"noopener\">Tvsvizzera 04 juillet 2022<\/a><\/p><p><a href=\"https:\/\/cs6nvasrbe.preview.infomaniak.website\/wp-content\/uploads\/2022\/09\/Le-Tourbillon-de-La-Chaux-de-Fond-30-juin-2022.pdf\" target=\"_blank\" rel=\"noopener\">Le Tourbillon de La Chaux-de-Fond 30 juin&nbsp;2022<\/a><\/p><p><a href=\"https:\/\/cs6nvasrbe.preview.infomaniak.website\/wp-content\/uploads\/2022\/09\/Centrevue-juin-2022.pdf\" target=\"_blank\" rel=\"noopener\">Centrevue juin&nbsp;2022<\/a><\/p><p><a href=\"https:\/\/www.rts.ch\/info\/culture\/arts-visuels\/13175995-le-musee-dhistoire-de-la-chauxdefonds-donne-la-parole-aux-enfants-du-placard.html\" target=\"_blank\" rel=\"noopener\">RTS\u2009\u2014\u200916 juin&nbsp;2022<\/a><\/p><p><a href=\"https:\/\/www.rts.ch\/audio-podcast\/2022\/audio\/le-musee-d-histoire-de-la-chaux-de-fonds-donne-la-parole-aux-enfants-du-placard-25828934.html\" target=\"_blank\" rel=\"noopener\">RTS\u2009\u2014\u2009podcast\u2009\u2014\u200906 juin&nbsp;2022<\/a><\/p><p><a href=\"https:\/\/www.rtn.ch\/rtn\/Actualite\/Region\/20220610-Le-Musee-d-histoire-de-La-CHaux-de-Fonds-ouvre-le-placard-d-enfants-immigres.html?fbclid=IwAR1OeeLwBTbZDaSORx-uHnweIsK20wK4mxrXHGaJbVuadm_oTJJUyoNxG-E\" target=\"_blank\" rel=\"noopener\">RTN\u2009\u2014\u200910 juin&nbsp;2022<\/a><\/p><p><a href=\"https:\/\/www.arcinfo.ch\/neuchatel-canton\/montagnes\/la-chaux-de-fonds\/le-musee-dhistoire-de-la-chaux-de-fonds-met-en-lumiere-les-enfants-du-placard-1190780\" target=\"_blank\" rel=\"noopener\">Arcinfo 10.juin 2022<\/a><\/p><h2>\u201c\u00c9clairer le monde. Jules Jacot Guillarmod. M\u00e9decin, explorateur, photographe\u201d<\/h2><p><a href=\"https:\/\/cs6nvasrbe.preview.infomaniak.website\/wp-content\/uploads\/2022\/09\/Vigousse_05.03-2021.pdf\" target=\"_blank\" rel=\"noopener\">Vigousse (br\u00e8ve)\u2009\u2014\u200905.03.21<\/a><\/p><p><a href=\"https:\/\/cs6nvasrbe.preview.infomaniak.website\/wp-content\/uploads\/2022\/09\/Eclairer-le-monde.pdf\" target=\"_blank\" rel=\"noopener\">Arcinfo\u2009\u2014\u200911.03.2021<\/a><\/p><p><a href=\"https:\/\/www.rtn.ch\/rtn\/Actualite\/Region\/20210313-Le-Musee-d-histoire-se-hisse-sur-le-toit-du-monde.html?fbclid=IwAR2vOy02Unnb8XCOIY3R4lFmKHmbVBkHJEnfvJELm4QcdPq-GKEZHHOwc-o\" target=\"_blank\" rel=\"noopener\">RTN\u2009\u2014\u200913.03.2021<\/a><\/p><p><a href=\"https:\/\/cs6nvasrbe.preview.infomaniak.website\/wp-content\/uploads\/2022\/09\/Vigousse-26-mars-2021.pdf\" target=\"_blank\" rel=\"noopener\">Vigousse (br\u00e8ve)\u2009\u2014\u200926.03.2021<\/a><\/p><p><a href=\"https:\/\/cs6nvasrbe.preview.infomaniak.website\/wp-content\/uploads\/2022\/09\/210531_ArcInfo_3D.pdf\" target=\"_blank\" rel=\"noopener\">Arcinfo\u2009\u2014\u2009Journ\u00e9e des mus\u00e9es\u2009\u2014\u200931.05.21<\/a><\/p><p><a href=\"https:\/\/cs6nvasrbe.preview.infomaniak.website\/wp-content\/uploads\/2022\/09\/210531_ArcInfo_3D.pdf\" target=\"_blank\" rel=\"noopener\">Arcinfo\u2009\u2014\u2009Conversation autour du fonds JJG\u2009\u2014\u200914.10.21<\/a><\/p><h2>Culture inclusive<\/h2><p><a href=\"https:\/\/www.canalalpha.ch\/play\/le-journal\/topic\/28472\/le-musee-dhistoire-plus-facile-a-lire-et-a-comprendre?fbclid=IwAR0k5YGUEN6wkRsA8ApYpW1FCyoYUui68LleXiSpU6r3GwMfTiVzgkLM7Qg\" target=\"_blank\" rel=\"noopener\">Canal Alpha\u2009\u2014\u200904.12.22<\/a><\/p><p><a href=\"https:\/\/www.rtn.ch\/Scripts\/Index.aspx?id=7214246&amp;fbclid=IwAR1kKt7MvXkZIzMmEhYlLNo3njxxh7QaLdQEieRjAFzqunc149riX6biZIY\" target=\"_blank\" rel=\"noopener\">Programme RTN<\/a><\/p><p><a href=\"https:\/\/cs6nvasrbe.preview.infomaniak.website\/wp-content\/uploads\/2022\/09\/211005_ArcInfo_Culture_inclusive.pdf\" target=\"_blank\" rel=\"noopener\">Arcinfo\u2009\u2014\u200905.10.21<\/a><\/p><h2>Exposition \u201c50 ans de l\u2019\u00e9cole italienne\u201d<\/h2><p><a href=\"https:\/\/cs6nvasrbe.preview.infomaniak.website\/wp-content\/uploads\/2022\/09\/211022_Ecole_italienne_MH.pdf\" target=\"_blank\" rel=\"noopener\">Arcinfo\u2009\u2014\u2009Vernissage\u2009\u2014\u200922.10.21<\/a><\/p><h2>AFTERWORK DES MUS\u00c9ES<\/h2><p><a href=\"https:\/\/cs6nvasrbe.preview.infomaniak.website\/wp-content\/uploads\/2022\/09\/210923_ArcInfo_Afterwork.pdf\" target=\"_blank\" rel=\"noopener\">Arcinfo\u2009\u2014\u200923.09.21<\/a><\/p><p><a href=\"https:\/\/cs6nvasrbe.preview.infomaniak.website\/wp-content\/uploads\/2022\/09\/Afterwork_25_09_2019.pdf\" target=\"_blank\" rel=\"noopener\">Arcinfo\u2009\u2014\u200924.09.2019<\/a><\/p><p><a href=\"https:\/\/cs6nvasrbe.preview.infomaniak.website\/wp-content\/uploads\/2022\/09\/ARcinfo_Afterwork_2019-11-27.pdf\" target=\"_blank\" rel=\"noopener\">Arcinfo\u2009\u2014\u200927.11.2019<\/a><\/p><h2>Exposition dans le Parc des mus\u00e9es \u201cTout est sous contr\u00f4le\u201d<\/h2><p><a href=\"https:\/\/cs6nvasrbe.preview.infomaniak.website\/wp-content\/uploads\/2022\/09\/210814_ArcInfo_TSC_expo_commune.pdf\" target=\"_blank\" rel=\"noopener\">Arcinfo\u2009\u2014\u2009Vernissage\u2009\u2014\u200914.08.21<\/a><\/p><h2>L\u2019histoire en&nbsp;jeux<\/h2><p><a href=\"https:\/\/letourbillon.ch\/au-musee-lhistoire-est-un-jeu-denfants-et-de-grands\/?fbclid=IwAR0R3jCuKcUJtjuwSysqw-8CHE-ouXqqwhBj4aX_JpRv75pmIFGs3FtWWuU\" target=\"_blank\" rel=\"noopener\">Le Tourbillon \u2013 22.12.2022<\/a><\/p><p><a href=\"https:\/\/cs6nvasrbe.preview.infomaniak.website\/wp-content\/uploads\/2022\/09\/210929_ArcInfo_EscapeRoom2.pdf\" target=\"_blank\" rel=\"noopener\">Arcinfo\u2009\u2014\u2009Inauguration\u2009\u2014\u200929.09.21<\/a><\/p><p><a href=\"https:\/\/www.canalalpha.ch\/play\/le-journal\/topic\/20210\/lhistoire-de-la-chaux-de-fonds-est-mise-en-jeu\" target=\"_blank\" rel=\"noopener\">Canal Alpha\u2009\u2014\u200902.10.2020<\/a><\/p><p><a href=\"https:\/\/www.rtn.ch\/rtn\/Actualite\/Region\/20201004-L-histoire-s-apprend-en-jouant-au-musee-de-La-Chaux-de-Fonds.html\" target=\"_blank\" rel=\"noopener\">RTN\u2009\u2014\u200904.10.2020<\/a><\/p><p><a href=\"https:\/\/cs6nvasrbe.preview.infomaniak.website\/wp-content\/uploads\/2022\/09\/Histoire-en-jeux.pdf\" target=\"_blank\" rel=\"noopener\">Arcinfo\u2009\u2014\u200905.10.2020<\/a><\/p><p><a href=\"https:\/\/www.heidi.news\/culture\/rencontre-avec-le-tres-joueur-patron-du-musee-d-histoire-de-la-chaux-de-fonds\" target=\"_blank\" rel=\"noopener\">HEIDI.NEWS\u2009\u2014\u200910.10.2020<\/a><\/p><h4>Escape room \u201cLa chambre du Ph\u00e9nix\u201d&nbsp;<\/h4><h4>&nbsp;<\/h4><p><a href=\"https:\/\/www.arcinfo.ch\/neuchatel-canton\/montagnes\/une-escape-room-au-musee-d-histoire-de-la-chaux-de-fonds-818762\" target=\"_blank\" rel=\"noopener\">Arcinfo\u2009\u2014\u20097.02.2019<\/a><\/p><p><a href=\"https:\/\/www.rtn.ch\/Scripts\/Index.aspx?id=4095374&amp;fbclid=IwAR2tA2zTcLqgT9NxwWEOS9bG1wt7fnfWZvJxAy55DuPqsKkipSKq196Rulg\" target=\"_blank\" rel=\"noopener\">RTN\u2009\u2014\u20098.02.2019<\/a><\/p><p><a href=\"https:\/\/www.rtn.ch\/Scripts\/Index.aspx?id=4097489&amp;fbclid=IwAR0X8KLcP2UgEUc66lp56SJy32mD2V8uPk8KdvC1Nbp6zkBeJQb2jNjeoYU\" target=\"_blank\" rel=\"noopener\">RTN\u2009\u2014\u20099.02.2019<\/a><\/p><p><a href=\"https:\/\/www.canalalpha.ch\/play\/90-secondes\/episode\/3303\/enfermes-au-musee\" target=\"_blank\" rel=\"noopener\">Canal Alpha\u2009\u2014\u200911.02.2019<\/a><\/p><p><a href=\"https:\/\/www.rts.ch\/info\/regions\/neuchatel\/10779330-les-musees-rivalisent-d-imagination-pour-seduire-de-nouveaux-visiteurs.html\" target=\"_blank\" rel=\"noopener\">RTS\u2009\u2014\u200912.10.2019<\/a><\/p><p><a href=\"https:\/\/www.canalalpha.ch\/play\/cest-du-tout-cuit\/episode\/17319\/sylvie-pipoz-musee-dhistoire-la-chaux-de-fonds\" target=\"_blank\" rel=\"noopener\">Canal Alpha\u2009\u2014\u200921.02.2020<\/a><\/p><h2>Avec Francesco Garufo, conservateur du Mus\u00e9e d\u2019histoire<\/h2><p><a href=\"https:\/\/www.rtn.ch\/rtn\/Actualite\/Region\/20240210-La-Chaux-de-Fonds-et-la-solidarite-a-l-honneur.html?fbclid=IwAR0qtp06pn92W2CkVPzfJNb06ibT3_tYF3LVD1bvZ-sOjgNHNPaMarw3Rzk#2300cdf\" target=\"_blank\" rel=\"noopener\">RTN, 10.02.2024<\/a><\/p><p><a href=\"https:\/\/cs6nvasrbe.preview.infomaniak.website\/wp-content\/uploads\/2022\/09\/htr-No-14-du-15-juillet-2021-page-16-Cahier-francais.pdf\" target=\"_blank\" rel=\"noopener\">htr hotel revue \u00abCahier fran\u00e7ais\u00bb\u2009\u2014\u200915.07.2020<\/a><\/p><p><a href=\"https:\/\/cs6nvasrbe.preview.infomaniak.website\/wp-content\/uploads\/2022\/09\/ARCINFO_02-08-2020.pdf\" target=\"_blank\" rel=\"noopener\">Arcinfo\u2009\u2014\u200908.02.2020<\/a><\/p><p><a href=\"https:\/\/cs6nvasrbe.preview.infomaniak.website\/wp-content\/uploads\/2022\/09\/FG_Migros_Magazine_10_02_2020.pdf\" target=\"_blank\" rel=\"noopener\">Migros Magazine\u2009\u2014\u200910.02.2020<\/a><\/p><p><a href=\"https:\/\/www.rtn.ch\/rtn\/Actualite\/Region\/20210104-Un-creve-coeur-pour-les-musees.html\" target=\"_blank\" rel=\"noopener\">RTN\u2009\u2014\u200904.01.2021<\/a><\/p><p><a href=\"https:\/\/www.tvsvizzera.it\/tvs\/italianit%c3%a0-in-svizzera--3_made-in-switzerland-ma-con-grandi-sfumature-tricolore\/46260084\" target=\"_blank\" rel=\"noopener\">Tvsvizzera.it\u2009\u2014\u200905.01.2021<\/a><\/p><p><a href=\"https:\/\/www.rts.ch\/play\/tv\/la-matinale\/video\/linvite-de-la-matinale-video-francesco-garufo-directeur-du-musee-dhistoire-de-la-chaux-de-fonds?urn=urn:rts:video:12004442\" target=\"_blank\" rel=\"noopener\">RTS\u2009\u2014\u2009La Matinale\u2009\u2014\u200926.02.2021<\/a><\/p><p><a href=\"https:\/\/www.rsi.ch\/rete-due\/programmi\/cultura\/diderot\/Riapertura-dei-musei-in-Svizzera-5.5-13971313.html?f=podcast-shows&amp;startTime=\" target=\"_blank\" rel=\"noopener\">RSI\u2009\u2014\u200902.04.2021<\/a><\/p><p><a href=\"https:\/\/www.rts.ch\/audio-podcast\/2021\/audio\/dominique-freymond-et-francesco-garufo-se-rencontrent-pour-la-premiere-fois-25201317.html\" target=\"_blank\" rel=\"noopener\">RTS\u2009\u2014\u2009Premier rendez-vous\u2009\u2014\u200912.05.2021<\/a><\/p><h2>Culture clubs. Naissance d\u2019une m\u00e9tropole sportive<\/h2><p><a href=\"https:\/\/www.canalalpha.ch\/play\/le-journal\/topic\/16252\/le-sport-a-la-chaux-de-fonds-entre-au-musee\" target=\"_blank\" rel=\"noopener\">Canal Alpha\u2009\u2014\u200920.09.2019<\/a><\/p><p><a href=\"https:\/\/cs6nvasrbe.preview.infomaniak.website\/wp-content\/uploads\/2022\/09\/Arcinfo_Culture_clubs-1.pdf\" target=\"_blank\" rel=\"noopener\">Arcinfo\u2009\u2014\u200921.09.2019<\/a><\/p><p><a href=\"https:\/\/www.rtn.ch\/Scripts\/Index.aspx?id=4492100&amp;fbclid=IwAR0LZ94OXjtRmT39A6hlwuEmQ-M3xAF267lRiPDkFBUkGmUDmGEBLwmbZPA\" target=\"_blank\" rel=\"noopener\">RTN\u2009\u2014\u200922.09.2019<\/a><\/p><p><a href=\"https:\/\/www.rts.ch\/audio-podcast\/2019\/audio\/culture-clubs-naissance-d-une-metropole-sportive-a-la-chaux-de-fonds-25071214.html\" target=\"_blank\" rel=\"noopener\">RTS\u2009\u2014\u2009Nectar \/ Espace 2\u2009\u2014\u200923.09.2019<\/a><\/p><p><a href=\"https:\/\/pages.rts.ch\/la-1ere\/programmes\/les-dicodeurs\/03-10-2019?fbclid=IwAR1T4CYWPEMeA-Thxwu8fKeNk60COQ6ICPpKDOrw7l1e1FqyYcdfpcl8eNw\" target=\"_blank\" rel=\"noopener\">RTS\u2009\u2014\u2009Les Dicodeurs\u2009\u2014\u2009du 30.09.2019 au 4.10.2019<\/a><\/p><p><a href=\"https:\/\/www.estrepublicain.fr\/edition-haut-doubs\/2019\/11\/06\/la-chaux-de-fonds-un-tournoi-fifa-2020-au-musee-d-histoire\" target=\"_blank\" rel=\"noopener\">L\u2019Est R\u00e9publicain\u2009\u2014\u20096.11.2019<\/a><\/p><p><a href=\"https:\/\/cs6nvasrbe.preview.infomaniak.website\/wp-content\/uploads\/2022\/09\/Fifa-Game_-des-jeunes-se-reapproprient-le-Musee-dhistoire.pdf\" target=\"_blank\" rel=\"noopener\">Arcinfo\u2009\u2014\u200910.11.2019<\/a><\/p><p><a href=\"https:\/\/cs6nvasrbe.preview.infomaniak.website\/wp-content\/uploads\/2022\/09\/ARcinfo_Sportifs-et-entrepreneurs-font-ils-bon-menage_2019-11-13.pdf\" target=\"_blank\" rel=\"noopener\">Arcinfo\u2009\u2014\u200913.11.2019<\/a><\/p><p><a href=\"https:\/\/www.rts.ch\/audio-podcast\/2019\/audio\/sport-et-integration-avec-francesco-garufo-conservateur-jerome-berthoud-sociologue-du-sport-et-kenny-leuba-suppo-25088168.html\" target=\"_blank\" rel=\"noopener\">Couleur 3\u2009\u2014\u20093\u00e8me mi-temps\u2009\u2014\u200930.11.2019<\/a><\/p><p><a href=\"https:\/\/www.rts.ch\/audio-podcast\/2020\/audio\/sport-matin-le-sport-s-expose-a-la-chaux-de-fond-25097497.html\" target=\"_blank\" rel=\"noopener\">RTS\u2009\u2014\u2009Sport matin\u2009\u2014\u200914.01.2020<\/a><\/p><p><a href=\"https:\/\/www.canalalpha.ch\/play\/le-journal\/topic\/19255\/linvite-francesco-garufo-retourner-aux-musees\" target=\"_blank\" rel=\"noopener\">Canal Alpha\u2009\u2014\u200905.06.2020<\/a><\/p><h2>Changement de direction au Mus\u00e9e d\u2019histoire<\/h2><p><a href=\"https:\/\/cs6nvasrbe.preview.infomaniak.website\/wp-content\/uploads\/2022\/09\/Nouveau-directeur-pour-le-Musee-dhistoire-de-La-Chaux-de-Fonds.pdf\" target=\"_blank\" rel=\"noopener\">Arcinfo\u2009\u2014\u20093.07.2018<\/a><\/p><p><a href=\"https:\/\/www.chaux-de-fonds.ch\/musees\/mh\/jeune-publics\/Documents\/ArcInfo_20180704_Garufo_consev_MH.png\" target=\"_blank\" rel=\"noopener\">Arcinfo\u2009\u2014\u20094.07.2018<\/a><\/p><p><a href=\"https:\/\/www.canalalpha.ch\/play\/le-journal\/topic\/13353\/francesco-garufo-peintre-prof-puis-conservateur\" target=\"_blank\" rel=\"noopener\">Canal Alpha\u2009\u2014\u200928.08.2018<\/a><\/p><p><a href=\"https:\/\/www.rtn.ch\/rtn\/Actualite\/Region\/20180919-Sylviane-Musy-sur-le-depart.html\" target=\"_blank\" rel=\"noopener\">RTN\u2009\u2014\u200919.09.2018<\/a><\/p><h2>\u201c18\u2009\u2013\u200968 Quelle histoire !?\u201d.&nbsp;2018<\/h2><p><a href=\"https:\/\/cs6nvasrbe.preview.infomaniak.website\/wp-content\/uploads\/2022\/09\/2018-01-10_LImpartial_1918-1968_et_autres_annees-cles_P7.pdf\" target=\"_blank\" rel=\"noopener\">Arcinfo\u2009\u2014\u200910 janvier 2018<\/a><\/p><p><a href=\"https:\/\/www.canalalpha.ch\/play\/le-journal\/topic\/12563\/1918-1968-2018-en-scene-au-mh-de-la-chaux-de-fonds\" target=\"_blank\" rel=\"noopener\">Canal Alpha\u2009\u2014\u20093 mai&nbsp;2018<\/a><\/p><p><a href=\"https:\/\/cs6nvasrbe.preview.infomaniak.website\/wp-content\/uploads\/2022\/09\/2018_05_08_Arcinfo_De-1918-a-2068_Page13.pdf\" target=\"_blank\" rel=\"noopener\">Arcinfo\u2009\u2014\u20098 mai&nbsp;2018<\/a><\/p><p><a href=\"https:\/\/www.rtn.ch\/rtn\/Actualite\/Region\/20180511-La-societe-chaux-de-fonniere-de-1918-a-nos-jours.html\" target=\"_blank\" rel=\"noopener\">RTN\u2009\u2014\u200911 mai&nbsp;2018<\/a><\/p><p><a href=\"https:\/\/www.rts.ch\/audio-podcast\/2018\/audio\/1918-68-2018-68-quels-passe-present-avenir-25549796.html\" target=\"_blank\" rel=\"noopener\">RTS, Versus\/Penser Espace 2\u2009\u2014\u200918 mai&nbsp;2018<\/a><\/p><p><a href=\"https:\/\/www.rts.ch\/audio-podcast\/2018\/audio\/marc-perrenoud-a-propos-de-l-expo-18-68-au-musee-d-histoire-de-la-chaux-de-fonds-25554417.html\" target=\"_blank\" rel=\"noopener\">RTS, Couleur 3\u2009\u2014\u20098 juin&nbsp;2018<\/a><\/p><p><a href=\"https:\/\/cs6nvasrbe.preview.infomaniak.website\/wp-content\/uploads\/2022\/09\/Comment-La-Chaux-de-Fonds-a-construit-des-logements-populaires-au-debut-du-20e-siecle.pdf\" target=\"_blank\" rel=\"noopener\">Arcinfo\u2009\u2014\u20099 juin&nbsp;2018<\/a><\/p><p><a href=\"https:\/\/cs6nvasrbe.preview.infomaniak.website\/wp-content\/uploads\/2022\/09\/2018_06_11_Arcinfo_Logements_populaires_1918_Page8.pdf\" target=\"_blank\" rel=\"noopener\">Arcinfo\u2009\u2014\u2009(p.8) 11 juin&nbsp;2018<\/a><\/p><p><a href=\"https:\/\/cs6nvasrbe.preview.infomaniak.website\/wp-content\/uploads\/2022\/09\/2018_06_11_Arcinfo_Logements_populaires_1918_Page8.pdf\" target=\"_blank\" rel=\"noopener\">Arcinfo\u2009\u2014\u2009(p.9) 11 juin&nbsp;2018<\/a><\/p><p><a href=\"https:\/\/www.chaux-de-fonds.ch\/musees\/mh\/jeune-publics\/Documents\/42230601_1817656915008567_6761403843990257664_n.jpg\" target=\"_blank\" rel=\"noopener\">Arcinfo\u2009\u2014\u200921 septembre 2018<\/a><\/p><h2>Exposition permanente<\/h2><p><a href=\"https:\/\/cs6nvasrbe.preview.infomaniak.website\/wp-content\/uploads\/2022\/09\/Arcinfo_Hivers_d_antan_2020_01_05.pdf\" target=\"_blank\" rel=\"noopener\">Arcinfo\u2009\u2014\u200906.01.2020<\/a><\/p><p><a href=\"https:\/\/www.canalalpha.ch\/play\/le-journal\/topic\/17868\/la-machine-a-faire-fondre-la-neige-a-bien-existe\" target=\"_blank\" rel=\"noopener\">Canal Alpha\u2009\u2014\u200906.01.2020<\/a><\/p><p><a href=\"https:\/\/www.rts.ch\/play\/tv\/couleurs-locales\/video\/la-chaux-de-fonds-reste-au-vert-cet-hiver--une-situation-exceptionnelle-comme-le-montrent-les-images-darchives-de-la-rts-?urn=urn:rts:video:11105525\" target=\"_blank\" rel=\"noopener\">RTS\u2009\u2014\u2009Couleurs locales\u2009\u2014\u200919.02.20<\/a><\/p><p><a href=\"https:\/\/www.rtn.ch\/rtn\/Actualite\/Region\/20200714-Un-objet-une-histoire-et-une-rencontre-entre-generations-au-musee.html?fbclid=IwAR2TU5fU9ePaiM8DZ03O8RO9Lv6AV8ku1bVZC2SJsWfzgRRIBDX6dmWm93s\" target=\"_blank\" rel=\"noopener\">RTN\u2009\u2014\u200914.07.2020<\/a><\/p><p><a href=\"https:\/\/www.rtn.ch\/Scripts\/Index.aspx?id=4268753&amp;fbclid=IwAR2bbp6ERh_mEzBnWDVdRq_dL9DagUdbckO-kSXKYFHFSQ8Za63idxRk1rA\" target=\"_blank\" rel=\"noopener\">RTN\u2009\u2014\u200912.05.2019<\/a><\/p><p><a href=\"https:\/\/cs6nvasrbe.preview.infomaniak.website\/wp-content\/uploads\/2022\/09\/ARcinfo_Nuit-des-musees_2019-05-17.pdf\" target=\"_blank\" rel=\"noopener\">Arcinfo\u2009\u2014\u200917.05.2019<\/a><\/p><p><a href=\"https:\/\/www.chaux-de-fonds.ch\/musees\/mh\/jeune-publics\/Documents\/27545012_1532888286818766_8515073889693457456_n.jpg\" target=\"_blank\" rel=\"noopener\">Arcinfo\u2009\u2014\u20094 f\u00e9vrier 2018<\/a><\/p><p><a href=\"https:\/\/www.canalalpha.ch\/play\/le-journal\/topic\/11885\/la-belle-histoire-dune-rencontre-intergenerationnelle\" target=\"_blank\" rel=\"noopener\">Canal Alpha\u2009\u2014\u20095 f\u00e9vrier 2018<\/a><\/p><h2>Exposition : FADO. 2017\u2009\u2014\u20092018<\/h2><p><a href=\"https:\/\/www.canalalpha.ch\/play\/le-journal\/topic\/10899\/ecouter-voir-et-lire-le-fado-a-la-tchaux\" target=\"_blank\" rel=\"noopener\">Canal Alpha\u2009\u2014\u200919 septembre 2017<\/a><\/p><p><a href=\"https:\/\/www.canalalpha.ch\/play\/cest-du-tout-cuit\/episode\/2223\/sylviane-musy-conservatrice-du-musee-dhistoire-de-la-chaux-de-fonds\" target=\"_blank\" rel=\"noopener\">Canal Alpha\u2009\u2014\u200929 septembre 2017<\/a><\/p><p><a href=\"https:\/\/www.chaux-de-fonds.ch\/musees\/mh\/jeune-publics\/Documents\/ensuite-Zeitschrift-zu-Kultur-e-Kunst.JPG\" target=\"_blank\" rel=\"noopener\">\u201censuite\u2009\u2014\u2009Zeitschrift zu Kultur &amp; Kunst\u201d\u2009\u2014\u20098 janvier 2018<\/a><\/p><p><a href=\"https:\/\/cs6nvasrbe.preview.infomaniak.website\/wp-content\/uploads\/2022\/09\/Article-Fado-13.01.18.pdf\" target=\"_blank\" rel=\"noopener\">Le Quotidien Jurassien\u2009\u2014\u200913 janvier 2018<\/a><\/p><h2>Double exposition : Juifs de Suisse \/ Juifs de La Chaux-de-Fonds. 2017<\/h2><p><a href=\"https:\/\/cs6nvasrbe.preview.infomaniak.website\/wp-content\/uploads\/2022\/09\/2017_03_29_LImpartial_Expo_Egalite_droits_juifs.pdf\" target=\"_blank\" rel=\"noopener\">L\u2019Impartial\u2009\u2014\u200929 mars&nbsp;2017<\/a><\/p><p><a href=\"https:\/\/www.canalalpha.ch\/play\/90-secondes\/episode\/1887\/vous-etes-juif\" target=\"_blank\" rel=\"noopener\">Canal Alpha\u2009\u2014\u200990 Secondes\u2009\u2014\u200929 mar&nbsp;2017<\/a><\/p><p><a href=\"https:\/\/www.canalalpha.ch\/play\/le-journal\/topic\/9700\/lhistoire-juive-dans-deux-expos-a-la-chaux-de-fonds\" target=\"_blank\" rel=\"noopener\">Canal Alpha\u2009\u2014\u200929 mars&nbsp;2017<\/a><\/p><h2>Exposition : \u00c7a Bouge dans les Montagnes ! Deux si\u00e8cles de migrations autour de La Chaux-de-Fonds. 2016\u2009\u2014\u20092017<\/h2><p><a href=\"https:\/\/www.chaux-de-fonds.ch\/musees\/mh\/jeune-publics\/Documents\/%C3%87a%20bouge%20dans%20les%20Montagnes_%20Impartial.JPG\" target=\"_blank\" rel=\"noopener\">L\u2019Impartial\u2009\u2014\u200926 avril&nbsp;2016<\/a><\/p><p><a href=\"https:\/\/www.canalalpha.ch\/play\/le-journal\/topic\/7266\/les-montagnes-bougent-a-voir-au-musee-dhistoire\" target=\"_blank\" rel=\"noopener\">Canal Alpha\u2009\u2014\u200928 avril&nbsp;2016<\/a><\/p><p><a href=\"https:\/\/www.rts.ch\/play\/tv\/couleurs-locales\/video\/ne-le-musee-dhistoire-de-la-chaux-de-fonds-presente-une-exposition-sur-les-migrations?urn=urn:rts:video:7693505\" target=\"_blank\" rel=\"noopener\">Couleurs locales\u2009\u2014\u20092 mai&nbsp;2016<\/a><\/p><p><a href=\"https:\/\/www.rtn.ch\/rtn\/Actualite\/Region\/20160508-Le-Musee-d-histoire-en-mouvement.html\" target=\"_blank\" rel=\"noopener\">RTN\u2009\u2014\u20098 mai&nbsp;2016<\/a><\/p><p><a href=\"https:\/\/cs6nvasrbe.preview.infomaniak.website\/wp-content\/uploads\/2022\/09\/LImpartial-expo_Cabouge_20160707.pdf\" target=\"_blank\" rel=\"noopener\">L\u2019Impartial\u2009\u2014\u20097 juillet 2016<\/a><\/p><p><a href=\"https:\/\/cs6nvasrbe.preview.infomaniak.website\/wp-content\/uploads\/2022\/09\/LImpartial_expo_Cabouge_2016_07_18.pdf\" target=\"_blank\" rel=\"noopener\">L\u2019Impartial\u2009\u2014\u200918 juillet 2016<\/a><\/p><p><a href=\"https:\/\/cs6nvasrbe.preview.infomaniak.website\/wp-content\/uploads\/2022\/09\/LImpartial_expo_Cabouge_2016_07_18-1.pdf\" target=\"_blank\" rel=\"noopener\">L\u2019Impartial\u2009\u2014\u200918 juillet 2016<\/a><\/p><p><a href=\"https:\/\/www.chaux-de-fonds.ch\/musees\/mh\/jeune-publics\/Documents\/L%27AMICO_Juillet.JPG\" target=\"_blank\" rel=\"noopener\">L\u2019Amico\u2009\u2014\u2009juillet 2016<\/a><\/p><p><a href=\"https:\/\/cs6nvasrbe.preview.infomaniak.website\/wp-content\/uploads\/2022\/09\/LImpartial-expo_cabouge_20160728.pdf\" target=\"_blank\" rel=\"noopener\">L\u2019Impartial\u2009\u2014\u200928 juillet 2016<\/a><\/p><p><a href=\"https:\/\/cs6nvasrbe.preview.infomaniak.website\/wp-content\/uploads\/2022\/09\/LImpartial-expo_Cabouge_20160906.pdf\" target=\"_blank\" rel=\"noopener\">L\u2019Impartial\u2009\u2014\u20096 septembre 2016<\/a><\/p><p><a href=\"https:\/\/www.rts.ch\/audio-podcast\/2016\/audio\/ca-bouge-dans-les-montagnes-neuchateloises-25455880.html\" target=\"_blank\" rel=\"noopener\">RTS, Versus-penser Espace 2\u2009\u2014\u200916 septembre 2016<\/a><\/p><p><a href=\"https:\/\/cs6nvasrbe.preview.infomaniak.website\/wp-content\/uploads\/2022\/09\/LImpartial_LucySchneider_20160923.pdf\" target=\"_blank\" rel=\"noopener\">L\u2019Impartial\u2009\u2014\u200923 septembre 2016<\/a><\/p><p><a href=\"https:\/\/cs6nvasrbe.preview.infomaniak.website\/wp-content\/uploads\/2022\/09\/LImpartial_PhilippeMacchi_20161101.pdf\" target=\"_blank\" rel=\"noopener\">L\u2019Impartial\u2009\u2014\u20091 novembre 2016<\/a><\/p><p><a href=\"https:\/\/www.canalalpha.ch\/play\/le-journal\/topic\/8652\/duplex-dans-les-courriers-americains-de-nos-emigres\" target=\"_blank\" rel=\"noopener\">Canal Alpha\u2009\u2014\u20099 novembre 2016<\/a><\/p><p><a href=\"https:\/\/cs6nvasrbe.preview.infomaniak.website\/wp-content\/uploads\/2022\/09\/LImpartial_expo_CaBouge_YetJeanBaillod_20161115.pdf\" target=\"_blank\" rel=\"noopener\">L\u2019Impartial\u2009\u2014\u200915 novembre 2016<\/a><\/p><p><a href=\"https:\/\/cs6nvasrbe.preview.infomaniak.website\/wp-content\/uploads\/2022\/09\/2017_01_11_LImpartial-CaBouge_Sylviane_Musy.pdf\" target=\"_blank\" rel=\"noopener\">L\u2019Impartial\u2009\u2014\u200911 janvier 2017<\/a><\/p><h2>Exposition temporaire\u2009\u2014\u2009Voile &amp; d\u00e9voilement, 2015\u2009\u2013\u20092016<\/h2><p><a href=\"https:\/\/www.chaux-de-fonds.ch\/musees\/mh\/jeune-publics\/Documents\/LImpartial_expo_voile_20151111_couleur.pdf.jpg\" target=\"_blank\" rel=\"noopener\">L\u2019Impartial\u2009\u2014\u200911 novembre 2015<\/a><\/p><p><a href=\"https:\/\/cs6nvasrbe.preview.infomaniak.website\/wp-content\/uploads\/2022\/09\/LAmico_201512_article_expo_voile-2.pdf\" target=\"_blank\" rel=\"noopener\">L\u2019Amico\u2009\u2014\u2009d\u00e9cembre 2015<\/a><\/p><p><a href=\"https:\/\/www.chaux-de-fonds.ch\/musees\/mh\/jeune-publics\/Documents\/Expo_Voile.JPG\" target=\"_blank\" rel=\"noopener\">L\u2019impartial\u2009\u2014\u200923 f\u00e9vrier 2016<\/a><\/p><h2>R\u00e9ouverture du Mus\u00e9e&nbsp;2014<\/h2><p><a href=\"https:\/\/www.canalalpha.ch\/play\/cest-du-tout-cuit\/episode\/2223\/sylviane-musy-conservatrice-du-musee-dhistoire-de-la-chaux-de-fonds\" target=\"_blank\" rel=\"noopener\">R\u00e9ouverture du Mus\u00e9e&nbsp;2014<\/a><\/p><p><a href=\"https:\/\/cs6nvasrbe.preview.infomaniak.website\/wp-content\/uploads\/2022\/09\/LImpartial_20151111_guide_patrimoine_suisse.pdf\" target=\"_blank\" rel=\"noopener\">Guide Patrimoine Suisse\u2009\u2014\u200911 novembre 2015<\/a><\/p><p><a href=\"https:\/\/cs6nvasrbe.preview.infomaniak.website\/wp-content\/uploads\/2022\/09\/ARC_20141020_Lundi_-_LImpartial_-_UNE_-_pag_5.pdf\" target=\"_blank\" rel=\"noopener\">L\u2019Impartial\u2009\u2014\u200920 octobre 2014<\/a><\/p><p><a href=\"https:\/\/cs6nvasrbe.preview.infomaniak.website\/wp-content\/uploads\/2022\/09\/LEstRepublicain_16.10.2014.pdf\" target=\"_blank\" rel=\"noopener\">L\u2019Est R\u00e9publicain\u2009\u2014\u200916 octobre 2014<\/a><\/p><p><a href=\"https:\/\/cs6nvasrbe.preview.infomaniak.website\/wp-content\/uploads\/2022\/09\/LEstRepublicain_16.10.2014.pdf\" target=\"_blank\" rel=\"noopener\">L\u2019Impartial\u2009\u2014\u200915 octobre 2014<\/a><\/p><p><a href=\"https:\/\/www.rts.ch\/play\/tv\/couleurs-locales\/video\/ne-apres-une-hibernation-de-plus-de-trois-ans-la-chaux-de-fonds-retrouve-un-musee-dhistoire?urn=urn:rts:video:6223136\" target=\"_blank\" rel=\"noopener\">Couleurs locales\u2009\u2014\u200914 octobre 2014<\/a><\/p><p><a href=\"https:\/\/cs6nvasrbe.preview.infomaniak.website\/wp-content\/uploads\/2022\/09\/Impartial_30.09.2014_p6.pdf\" target=\"_blank\" rel=\"noopener\">L\u2019Impartial\u2009\u2014\u200930 septembre 2014<\/a><\/p><p><a href=\"https:\/\/cs6nvasrbe.preview.infomaniak.website\/wp-content\/uploads\/2022\/09\/ARC_20140122_Mercredi_-_LImpartial_-_Re\u0301gion_Imp_-_pag_7.pdf\" target=\"_blank\" rel=\"noopener\">L\u2019Impartial\u2009\u2014\u200922 janvier 2014<\/a><\/p><p><a href=\"https:\/\/cs6nvasrbe.preview.infomaniak.website\/wp-content\/uploads\/2022\/09\/ARC_20140116_Jeudi_-_LImpartial_-_Re\u0301gion_Imp_-_pag_6.pdf\" target=\"_blank\" rel=\"noopener\">L\u2019Impartial\u2009\u2014\u200916 janvier 2014<\/a><\/p>\t\t\t\t\t\t\t\t<\/div>\n\t\t\t\t<\/div>\n\t\t\t\t\t<\/div>\n\t\t<\/div>\n\t\t\t\t<div class=\"elementor-column elementor-col-50 elementor-top-column elementor-element elementor-element-d6f566e post-grid-content\" data-id=\"d6f566e\" data-element_type=\"column\" data-settings=\"{&quot;background_background&quot;:&quot;classic&quot;}\">\n\t\t\t<div class=\"elementor-widget-wrap\">\n\t\t\t\t\t\t\t<\/div>\n\t\t<\/div>\n\t\t\t\t\t<\/div>\n\t\t<\/section>\n\t\t\t\t<\/div>\n\t\t","protected":false},"excerpt":{"rendered":"<p>Professionnels et m\u00e9dias Revues de presse Articles de journaux, \u00e9missions et reportages depuis la r\u00e9novation du Mus\u00e9e d\u2019histoire. Parc des mus\u00e9es : le chantier est pr\u00eat \u00e0 d\u00e9buter RTS, 10.04.2026.Entretien avec R\u00e9gis Huguenin, directeur du Mus\u00e9e international d\u2019horlogerie (2\/2) Entretien avec Francesco Garufo (1:45)&nbsp; RTS, 03.03.2026.Nom de Rue : Cydalise Nicolet, l\u2019oubli\u00e9e de La Chaux-de-Fonds.&nbsp;[\u2026]<\/p>\n","protected":false},"author":2,"featured_media":0,"parent":1428,"menu_order":0,"comment_status":"closed","ping_status":"closed","template":"elementor_header_footer","meta":{"_acf_changed":false,"wp_typography_post_enhancements_disabled":false,"footnotes":""},"class_list":["post-4991","page","type-page","status-publish","hentry"],"acf":[],"publishpress_future_workflow_manual_trigger":{"enabledWorkflows":[]},"_links":{"self":[{"href":"https:\/\/mhcdf.ch\/en\/wp-json\/wp\/v2\/pages\/4991","targetHints":{"allow":["GET"]}}],"collection":[{"href":"https:\/\/mhcdf.ch\/en\/wp-json\/wp\/v2\/pages"}],"about":[{"href":"https:\/\/mhcdf.ch\/en\/wp-json\/wp\/v2\/types\/page"}],"author":[{"embeddable":true,"href":"https:\/\/mhcdf.ch\/en\/wp-json\/wp\/v2\/users\/2"}],"replies":[{"embeddable":true,"href":"https:\/\/mhcdf.ch\/en\/wp-json\/wp\/v2\/comments?post=4991"}],"version-history":[{"count":202,"href":"https:\/\/mhcdf.ch\/en\/wp-json\/wp\/v2\/pages\/4991\/revisions"}],"predecessor-version":[{"id":8436,"href":"https:\/\/mhcdf.ch\/en\/wp-json\/wp\/v2\/pages\/4991\/revisions\/8436"}],"up":[{"embeddable":true,"href":"https:\/\/mhcdf.ch\/en\/wp-json\/wp\/v2\/pages\/1428"}],"wp:attachment":[{"href":"https:\/\/mhcdf.ch\/en\/wp-json\/wp\/v2\/media?parent=4991"}],"curies":[{"name":"wp","href":"https:\/\/api.w.org\/{rel}","templated":true}]}}